{"id":10133,"date":"2025-04-30T09:33:57","date_gmt":"2025-04-30T09:33:57","guid":{"rendered":"https:\/\/www.marbella.gr\/?page_id=10133"},"modified":"2026-02-04T12:21:20","modified_gmt":"2026-02-04T10:21:20","slug":"greek-chefs-abroad-volume-v","status":"publish","type":"page","link":"https:\/\/www.marbella.gr\/de\/greek-chefs-abroad\/greek-chefs-abroad-volume-v\/","title":{"rendered":"Feierlichkeiten zu einem bedeutenden Jahrestag"},"content":{"rendered":"<p><span class=\"TextRun SCXW104636580 BCX0\" lang=\"EN-GB\" xml:lang=\"EN-GB\" data-contrast=\"auto\"><span class=\"NormalTextRun SCXW104636580 BCX0\">Wir sind<\/span><span class=\"NormalTextRun SCXW104636580 BCX0\"> freut sich auf die R\u00fcckkehr von o<\/span><span class=\"NormalTextRun SCXW104636580 BCX0\">ur <\/span><span class=\"NormalTextRun SCXW104636580 BCX0\">j\u00e4hrlich <\/span><span class=\"NormalTextRun SCXW104636580 BCX0\">Festival<\/span><span class=\"NormalTextRun SCXW104636580 BCX0\"> der griechischen Gastronomie<\/span><span class=\"NormalTextRun SCXW104636580 BCX0\">, <\/span><span class=\"NormalTextRun SCXW104636580 BCX0\">f\u00fcr <\/span><span class=\"NormalTextRun SCXW104636580 BCX0\">seine<\/span><span class=\"NormalTextRun SCXW104636580 BCX0\"> Wahrzeichen<\/span><span class=\"NormalTextRun SCXW104636580 BCX0\"> f\u00fcnften Jahrestag. <\/span><span class=\"NormalTextRun SCXW104636580 BCX0\">Ein Fest der kulinarischen <\/span><span class=\"NormalTextRun SCXW104636580 BCX0\">Innovation<\/span><span class=\"NormalTextRun SCXW104636580 BCX0\">,<\/span> <span class=\"NormalTextRun SCXW104636580 BCX0\">Griechische K\u00f6che im Ausland Band V<\/span> <span class=\"NormalTextRun SCXW104636580 BCX0\">bringt f\u00fcnf renommierte griechische K\u00f6che zusammen <\/span><span class=\"NormalTextRun SCXW104636580 BCX0\">Wer wird<\/span><span class=\"NormalTextRun SCXW104636580 BCX0\"> erstellen<\/span><span class=\"NormalTextRun SCXW104636580 BCX0\">e<\/span><span class=\"NormalTextRun SCXW104636580 BCX0\"> Gerichte, inspiriert durch ihre eigene Weltreise, ihre griechischen <\/span><span class=\"NormalTextRun SCXW104636580 BCX0\">Erbe<\/span><span class=\"NormalTextRun SCXW104636580 BCX0\"> und ihre Liebe zu den allerfeinsten lokalen Zutaten.<\/span><span class=\"NormalTextRun SCXW104636580 BCX0\">Machen Sie sich bereit f\u00fcr ein beeindruckendes<\/span><span class=\"NormalTextRun SCXW104636580 BCX0\"> kuratiertes Programm von <\/span><span class=\"NormalTextRun SCXW104636580 BCX0\">besondere Ereignisse<\/span><span class=\"NormalTextRun SCXW104636580 BCX0\"> und k\u00f6stliche Men\u00fcs<\/span><span class=\"NormalTextRun SCXW104636580 BCX0\"> gepaart mit den besten griechischen Weinen und<\/span><span class=\"NormalTextRun SCXW104636580 BCX0\"> konzipiert f\u00fcr <\/span><span class=\"NormalTextRun SCXW104636580 BCX0\">die f\u00fcnf Sinne verf\u00fchren<\/span><span class=\"NormalTextRun SCXW104636580 BCX0\">.\u00a0<\/span><\/span><span class=\"EOP SCXW104636580 BCX0\" data-ccp-props=\"{}\">\u00a0<\/span><\/p>\n<p>Im Rahmen der Feierlichkeiten bietet das diesj\u00e4hrige Programm eine Reihe von Nebenerlebnissen, die von lokalen Produzenten organisiert werden - von Oliven\u00f6l- und traditionellen Delikatessenverkostungen bis hin zu nostalgischer Musik und Cocktails von Weltklasse.<\/p>\n<p style=\"text-align: left;\">Sehen Sie sich die H\u00f6hepunkte von Griechische K\u00f6che im Ausland V an <a href=\"https:\/\/www.youtube.com\/watch?v=ZTJcbg8PhZs\">hier\u00a0<\/a><\/p>","protected":false},"excerpt":{"rendered":"<p>We\u2019re excited to welcome back our annual festival of Greek gastronomy, for its landmark fifth anniversary. A feast of culinary innovation, Greek Chefs Abroad Volume V brings together five renowned Greek chefs who will create dishes inspired by their own global journey, their Greek heritage and their love for the very finest of local ingredients.\u202fGet [&#8230;]<\/p>\n<p><a class=\"btn btn-secondary understrap-read-more-link\" href=\"https:\/\/www.marbella.gr\/de\/greek-chefs-abroad\/greek-chefs-abroad-volume-v\/\">Read More&#8230;<span class=\"screen-reader-text\"> from Celebrating a landmark anniversary<\/span><\/a><\/p>\n","protected":false},"author":27,"featured_media":9534,"parent":2281,"menu_order":0,"comment_status":"closed","ping_status":"closed","template":"","meta":{"_acf_changed":false,"footnotes":""},"class_list":["post-10133","page","type-page","status-publish","has-post-thumbnail","hentry"],"acf":[],"yoast_head":"<!-- This site is optimized with the Yoast SEO plugin v27.5 - https:\/\/yoast.com\/product\/yoast-seo-wordpress\/ -->\n<title>The culture of sharing Greek Chefs Abroad IV | Mar-Bella Collection<\/title>\n<meta name=\"description\" content=\"Enjoy exclusive menus, fine wines, and sensory experiences by top Greek chefs and local producers, at our annual festival of Greek gastronomy\" \/>\n<meta name=\"robots\" content=\"index, follow, max-snippet:-1, max-image-preview:large, max-video-preview:-1\" \/>\n<link rel=\"canonical\" href=\"https:\/\/www.marbella.gr\/de\/greek-chefs-abroad\/greek-chefs-abroad-volume-v\/\" \/>\n<meta property=\"og:locale\" content=\"de_DE\" \/>\n<meta property=\"og:type\" content=\"article\" \/>\n<meta property=\"og:title\" content=\"The culture of sharing Greek Chefs Abroad IV | Mar-Bella Collection\" \/>\n<meta property=\"og:description\" content=\"Enjoy exclusive menus, fine wines, and sensory experiences by top Greek chefs and local producers, at our annual festival of Greek gastronomy\" \/>\n<meta property=\"og:url\" content=\"https:\/\/www.marbella.gr\/de\/greek-chefs-abroad\/greek-chefs-abroad-volume-v\/\" \/>\n<meta property=\"og:site_name\" content=\"Mar-Bella Collection\" \/>\n<meta property=\"article:modified_time\" content=\"2026-02-04T10:21:20+00:00\" \/>\n<meta property=\"og:image\" content=\"https:\/\/www.marbella.gr\/app\/uploads\/2025\/02\/Dine-Around-scaled.jpg\" \/>\n\t<meta property=\"og:image:width\" content=\"2560\" \/>\n\t<meta property=\"og:image:height\" content=\"1920\" \/>\n\t<meta property=\"og:image:type\" content=\"image\/jpeg\" \/>\n<meta name=\"twitter:card\" content=\"summary_large_image\" \/>\n<meta name=\"twitter:label1\" content=\"Gesch\u00e4tzte Lesezeit\" \/>\n\t<meta name=\"twitter:data1\" content=\"1\u00a0Minute\" \/>\n<!-- \/ Yoast SEO plugin. -->","yoast_head_json":{"title":"Die Kultur des Teilens Griechische K\u00f6che im Ausland IV | Mar-Bella Collection","description":"Genie\u00dfen Sie exklusive Men\u00fcs, erlesene Weine und sinnliche Erlebnisse von griechischen Spitzenk\u00f6chen und lokalen Erzeugern bei unserem j\u00e4hrlichen Festival der griechischen Gastronomie","robots":{"index":"index","follow":"follow","max-snippet":"max-snippet:-1","max-image-preview":"max-image-preview:large","max-video-preview":"max-video-preview:-1"},"canonical":"https:\/\/www.marbella.gr\/de\/greek-chefs-abroad\/greek-chefs-abroad-volume-v\/","og_locale":"de_DE","og_type":"article","og_title":"The culture of sharing Greek Chefs Abroad IV | Mar-Bella Collection","og_description":"Enjoy exclusive menus, fine wines, and sensory experiences by top Greek chefs and local producers, at our annual festival of Greek gastronomy","og_url":"https:\/\/www.marbella.gr\/de\/greek-chefs-abroad\/greek-chefs-abroad-volume-v\/","og_site_name":"Mar-Bella Collection","article_modified_time":"2026-02-04T10:21:20+00:00","og_image":[{"width":2560,"height":1920,"url":"https:\/\/www.marbella.gr\/app\/uploads\/2025\/02\/Dine-Around-scaled.jpg","type":"image\/jpeg"}],"twitter_card":"summary_large_image","twitter_misc":{"Gesch\u00e4tzte Lesezeit":"1\u00a0Minute"},"schema":{"@context":"https:\/\/schema.org","@graph":[{"@type":"WebPage","@id":"https:\/\/www.marbella.gr\/greek-chefs-abroad\/greek-chefs-abroad-volume-v\/","url":"https:\/\/www.marbella.gr\/greek-chefs-abroad\/greek-chefs-abroad-volume-v\/","name":"Die Kultur des Teilens Griechische K\u00f6che im Ausland IV | Mar-Bella Collection","isPartOf":{"@id":"https:\/\/www.marbella.gr\/#website"},"primaryImageOfPage":{"@id":"https:\/\/www.marbella.gr\/greek-chefs-abroad\/greek-chefs-abroad-volume-v\/#primaryimage"},"image":{"@id":"https:\/\/www.marbella.gr\/greek-chefs-abroad\/greek-chefs-abroad-volume-v\/#primaryimage"},"thumbnailUrl":"https:\/\/www.marbella.gr\/app\/uploads\/2025\/02\/Dine-Around-scaled.jpg","datePublished":"2025-04-30T09:33:57+00:00","dateModified":"2026-02-04T10:21:20+00:00","description":"Genie\u00dfen Sie exklusive Men\u00fcs, erlesene Weine und sinnliche Erlebnisse von griechischen Spitzenk\u00f6chen und lokalen Erzeugern bei unserem j\u00e4hrlichen Festival der griechischen Gastronomie","breadcrumb":{"@id":"https:\/\/www.marbella.gr\/greek-chefs-abroad\/greek-chefs-abroad-volume-v\/#breadcrumb"},"inLanguage":"de","potentialAction":[{"@type":"ReadAction","target":["https:\/\/www.marbella.gr\/greek-chefs-abroad\/greek-chefs-abroad-volume-v\/"]}]},{"@type":"ImageObject","inLanguage":"de","@id":"https:\/\/www.marbella.gr\/greek-chefs-abroad\/greek-chefs-abroad-volume-v\/#primaryimage","url":"https:\/\/www.marbella.gr\/app\/uploads\/2025\/02\/Dine-Around-scaled.jpg","contentUrl":"https:\/\/www.marbella.gr\/app\/uploads\/2025\/02\/Dine-Around-scaled.jpg","width":2560,"height":1920},{"@type":"BreadcrumbList","@id":"https:\/\/www.marbella.gr\/greek-chefs-abroad\/greek-chefs-abroad-volume-v\/#breadcrumb","itemListElement":[{"@type":"ListItem","position":1,"name":"Home","item":"https:\/\/www.marbella.gr\/"},{"@type":"ListItem","position":2,"name":"Greek Chefs Abroad","item":"https:\/\/www.marbella.gr\/greek-chefs-abroad\/"},{"@type":"ListItem","position":3,"name":"Celebrating a landmark anniversary"}]},{"@type":"WebSite","@id":"https:\/\/www.marbella.gr\/#website","url":"https:\/\/www.marbella.gr\/","name":"MarBella","description":"Eine Familie von Hotels, die Sie mit dem wundersch\u00f6nen Ionischen Meer verbindet","publisher":{"@id":"https:\/\/www.marbella.gr\/#organization"},"alternateName":"MarBella","potentialAction":[{"@type":"SearchAction","target":{"@type":"EntryPoint","urlTemplate":"https:\/\/www.marbella.gr\/?s={search_term_string}"},"query-input":{"@type":"PropertyValueSpecification","valueRequired":true,"valueName":"search_term_string"}}],"inLanguage":"de"},{"@type":"Organization","@id":"https:\/\/www.marbella.gr\/#organization","name":"MarBella","url":"https:\/\/www.marbella.gr\/","logo":{"@type":"ImageObject","inLanguage":"de","@id":"https:\/\/www.marbella.gr\/#\/schema\/logo\/image\/","url":"https:\/\/www.marbella.gr\/app\/uploads\/2023\/06\/Marbella-collection.png","contentUrl":"https:\/\/www.marbella.gr\/app\/uploads\/2023\/06\/Marbella-collection.png","width":230,"height":75,"caption":"MarBella"},"image":{"@id":"https:\/\/www.marbella.gr\/#\/schema\/logo\/image\/"}}]}},"_links":{"self":[{"href":"https:\/\/www.marbella.gr\/de\/wp-json\/wp\/v2\/pages\/10133","targetHints":{"allow":["GET"]}}],"collection":[{"href":"https:\/\/www.marbella.gr\/de\/wp-json\/wp\/v2\/pages"}],"about":[{"href":"https:\/\/www.marbella.gr\/de\/wp-json\/wp\/v2\/types\/page"}],"author":[{"embeddable":true,"href":"https:\/\/www.marbella.gr\/de\/wp-json\/wp\/v2\/users\/27"}],"replies":[{"embeddable":true,"href":"https:\/\/www.marbella.gr\/de\/wp-json\/wp\/v2\/comments?post=10133"}],"version-history":[{"count":49,"href":"https:\/\/www.marbella.gr\/de\/wp-json\/wp\/v2\/pages\/10133\/revisions"}],"predecessor-version":[{"id":13569,"href":"https:\/\/www.marbella.gr\/de\/wp-json\/wp\/v2\/pages\/10133\/revisions\/13569"}],"up":[{"embeddable":true,"href":"https:\/\/www.marbella.gr\/de\/wp-json\/wp\/v2\/pages\/2281"}],"wp:featuredmedia":[{"embeddable":true,"href":"https:\/\/www.marbella.gr\/de\/wp-json\/wp\/v2\/media\/9534"}],"wp:attachment":[{"href":"https:\/\/www.marbella.gr\/de\/wp-json\/wp\/v2\/media?parent=10133"}],"curies":[{"name":"wp","href":"https:\/\/api.w.org\/{rel}","templated":true}]}}