{"id":3128,"date":"2023-06-02T09:24:41","date_gmt":"2023-06-02T09:24:41","guid":{"rendered":"https:\/\/www.marbella.gr\/sustainability-copy-5\/"},"modified":"2023-06-02T09:29:37","modified_gmt":"2023-06-02T09:29:37","slug":"respect-protect","status":"publish","type":"page","link":"https:\/\/www.marbella.gr\/fr\/sustainability\/respect-protect\/","title":{"rendered":"Respecter et prot\u00e9ger"},"content":{"rendered":"<ul>\n<li style=\"text-align: left;\"><strong>Nous respectons et prot\u00e9geons notre environnement marin<\/strong>\u00a0- Depuis 2016, nos plages ont obtenu le statut de pavillon bleu en reconnaissance du respect de l'environnement dans la r\u00e9gion. Certaines zones marines sont \u00e9galement prot\u00e9g\u00e9es par Natura 2000, un r\u00e9seau \u00e9cologique europ\u00e9en qui prot\u00e8ge les habitats abritant des esp\u00e8ces rares ainsi que les zones d'une beaut\u00e9 naturelle particuli\u00e8re.<\/li>\n<li style=\"text-align: left;\"><strong>Nous avons re\u00e7u la Cl\u00e9 verte<\/strong>Ce prix est un prix \u00e9cologique international qui r\u00e9compense une attitude \"verte\" en mati\u00e8re de tourisme.<\/li>\n<li style=\"text-align: left;\"><strong>Nous appliquons la gestion des d\u00e9chets alimentaires<\/strong>\u00a0dans tous nos restaurants, en faisant don des restes de nourriture aux communaut\u00e9s locales, le cas \u00e9ch\u00e9ant.<\/li>\n<li style=\"text-align: left;\"><strong>Nous suivons les lignes directrices sur la r\u00e9duction du plastique<\/strong>\u00a0se conformer \u00e0 toutes les exigences l\u00e9gislatives et autres.<\/li>\n<li style=\"text-align: left;\"><strong>Nous recyclons le papier, le verre et l'aluminium<\/strong>\u00a0en collaboration avec les services de recyclage des municipalit\u00e9s locales<\/li>\n<li style=\"text-align: left;\"><strong>Nous assurons des conditions de travail optimales<\/strong>\u00a0et le respect des r\u00e8gles de sant\u00e9 et de s\u00e9curit\u00e9 pour l'ensemble de notre personnel. Nous nous engageons en faveur de la diversit\u00e9 sur le lieu de travail et consacrons de gros efforts au d\u00e9veloppement, \u00e0 la formation et \u00e0 l'\u00e9valuation continus de notre personnel.<\/li>\n<\/ul>","protected":false},"excerpt":{"rendered":"<p>We respect and protect our marine environment\u00a0\u2013 our beaches have been awarded Blue Flag status since 2016 as recognition of the area\u2019s environmental friendliness while some marine areas are also safeguarded under Natura 2000, a European Ecological Network which protects habitats with rare species as well as areas of special natural beauty. We have been [&#8230;]<\/p>\n<p><a class=\"btn btn-secondary understrap-read-more-link\" href=\"https:\/\/www.marbella.gr\/fr\/sustainability\/respect-protect\/\">Read More&#8230;<span class=\"screen-reader-text\"> from Respect &#038; Protect<\/span><\/a><\/p>\n","protected":false},"author":11,"featured_media":3139,"parent":1036,"menu_order":0,"comment_status":"closed","ping_status":"closed","template":"","meta":{"_acf_changed":false,"footnotes":""},"class_list":["post-3128","page","type-page","status-publish","has-post-thumbnail","hentry"],"acf":[],"yoast_head":"<!-- This site is optimized with the Yoast SEO plugin v27.5 - https:\/\/yoast.com\/product\/yoast-seo-wordpress\/ -->\n<title>Respect &amp; Protect - Mar-Bella Collection<\/title>\n<meta name=\"robots\" content=\"index, follow, max-snippet:-1, max-image-preview:large, max-video-preview:-1\" \/>\n<link rel=\"canonical\" href=\"https:\/\/www.marbella.gr\/fr\/sustainability\/respect-protect\/\" \/>\n<meta property=\"og:locale\" content=\"fr_FR\" \/>\n<meta property=\"og:type\" content=\"article\" \/>\n<meta property=\"og:title\" content=\"Respect &amp; Protect - Mar-Bella Collection\" \/>\n<meta property=\"og:description\" content=\"We respect and protect our marine environment\u00a0\u2013 our beaches have been awarded Blue Flag status since 2016 as recognition of the area\u2019s environmental friendliness while some marine areas are also safeguarded under Natura 2000, a European Ecological Network which protects habitats with rare species as well as areas of special natural beauty. We have been [...]Read More... from Respect &#038; Protect\" \/>\n<meta property=\"og:url\" content=\"https:\/\/www.marbella.gr\/fr\/sustainability\/respect-protect\/\" \/>\n<meta property=\"og:site_name\" content=\"Mar-Bella Collection\" \/>\n<meta property=\"article:modified_time\" content=\"2023-06-02T09:29:37+00:00\" \/>\n<meta property=\"og:image\" content=\"https:\/\/marbella.server8.nelios.com\/app\/uploads\/2023\/06\/picture2-1.png\" \/>\n\t<meta property=\"og:image:width\" content=\"984\" \/>\n\t<meta property=\"og:image:height\" content=\"656\" \/>\n\t<meta property=\"og:image:type\" content=\"image\/png\" \/>\n<meta name=\"twitter:card\" content=\"summary_large_image\" \/>\n<!-- \/ Yoast SEO plugin. -->","yoast_head_json":{"title":"Respecter et prot\u00e9ger - Collection Mar-Bella","robots":{"index":"index","follow":"follow","max-snippet":"max-snippet:-1","max-image-preview":"max-image-preview:large","max-video-preview":"max-video-preview:-1"},"canonical":"https:\/\/www.marbella.gr\/fr\/sustainability\/respect-protect\/","og_locale":"fr_FR","og_type":"article","og_title":"Respect & Protect - Mar-Bella Collection","og_description":"We respect and protect our marine environment\u00a0\u2013 our beaches have been awarded Blue Flag status since 2016 as recognition of the area\u2019s environmental friendliness while some marine areas are also safeguarded under Natura 2000, a European Ecological Network which protects habitats with rare species as well as areas of special natural beauty. We have been [...]Read More... from Respect &#038; Protect","og_url":"https:\/\/www.marbella.gr\/fr\/sustainability\/respect-protect\/","og_site_name":"Mar-Bella Collection","article_modified_time":"2023-06-02T09:29:37+00:00","og_image":[{"width":984,"height":656,"url":"https:\/\/marbella.server8.nelios.com\/app\/uploads\/2023\/06\/picture2-1.png","type":"image\/png"}],"twitter_card":"summary_large_image","schema":{"@context":"https:\/\/schema.org","@graph":[{"@type":"WebPage","@id":"https:\/\/www.marbella.gr\/sustainability\/respect-protect\/","url":"https:\/\/www.marbella.gr\/sustainability\/respect-protect\/","name":"Respecter et prot\u00e9ger - Collection Mar-Bella","isPartOf":{"@id":"https:\/\/www.marbella.gr\/#website"},"primaryImageOfPage":{"@id":"https:\/\/www.marbella.gr\/sustainability\/respect-protect\/#primaryimage"},"image":{"@id":"https:\/\/www.marbella.gr\/sustainability\/respect-protect\/#primaryimage"},"thumbnailUrl":"https:\/\/www.marbella.gr\/app\/uploads\/2023\/06\/picture2-1.png","datePublished":"2023-06-02T09:24:41+00:00","dateModified":"2023-06-02T09:29:37+00:00","breadcrumb":{"@id":"https:\/\/www.marbella.gr\/sustainability\/respect-protect\/#breadcrumb"},"inLanguage":"fr-FR","potentialAction":[{"@type":"ReadAction","target":["https:\/\/www.marbella.gr\/sustainability\/respect-protect\/"]}]},{"@type":"ImageObject","inLanguage":"fr-FR","@id":"https:\/\/www.marbella.gr\/sustainability\/respect-protect\/#primaryimage","url":"https:\/\/www.marbella.gr\/app\/uploads\/2023\/06\/picture2-1.png","contentUrl":"https:\/\/www.marbella.gr\/app\/uploads\/2023\/06\/picture2-1.png","width":984,"height":656,"caption":"Discover Mar-Bella Collection - 5 star hotels in Corfu, Parga Greece"},{"@type":"BreadcrumbList","@id":"https:\/\/www.marbella.gr\/sustainability\/respect-protect\/#breadcrumb","itemListElement":[{"@type":"ListItem","position":1,"name":"Home","item":"https:\/\/www.marbella.gr\/"},{"@type":"ListItem","position":2,"name":"Environmental &#038; Social Responsibility","item":"https:\/\/www.marbella.gr\/sustainability\/"},{"@type":"ListItem","position":3,"name":"Respect &#038; Protect"}]},{"@type":"WebSite","@id":"https:\/\/www.marbella.gr\/#website","url":"https:\/\/www.marbella.gr\/","name":"MarBella","description":"Une famille d'h\u00f4tels vous reliant \u00e0 la magnifique mer Ionienne","publisher":{"@id":"https:\/\/www.marbella.gr\/#organization"},"alternateName":"MarBella","potentialAction":[{"@type":"SearchAction","target":{"@type":"EntryPoint","urlTemplate":"https:\/\/www.marbella.gr\/?s={search_term_string}"},"query-input":{"@type":"PropertyValueSpecification","valueRequired":true,"valueName":"search_term_string"}}],"inLanguage":"fr-FR"},{"@type":"Organization","@id":"https:\/\/www.marbella.gr\/#organization","name":"MarBella","url":"https:\/\/www.marbella.gr\/","logo":{"@type":"ImageObject","inLanguage":"fr-FR","@id":"https:\/\/www.marbella.gr\/#\/schema\/logo\/image\/","url":"https:\/\/www.marbella.gr\/app\/uploads\/2023\/06\/Marbella-collection.png","contentUrl":"https:\/\/www.marbella.gr\/app\/uploads\/2023\/06\/Marbella-collection.png","width":230,"height":75,"caption":"MarBella"},"image":{"@id":"https:\/\/www.marbella.gr\/#\/schema\/logo\/image\/"}}]}},"_links":{"self":[{"href":"https:\/\/www.marbella.gr\/fr\/wp-json\/wp\/v2\/pages\/3128","targetHints":{"allow":["GET"]}}],"collection":[{"href":"https:\/\/www.marbella.gr\/fr\/wp-json\/wp\/v2\/pages"}],"about":[{"href":"https:\/\/www.marbella.gr\/fr\/wp-json\/wp\/v2\/types\/page"}],"author":[{"embeddable":true,"href":"https:\/\/www.marbella.gr\/fr\/wp-json\/wp\/v2\/users\/11"}],"replies":[{"embeddable":true,"href":"https:\/\/www.marbella.gr\/fr\/wp-json\/wp\/v2\/comments?post=3128"}],"version-history":[{"count":4,"href":"https:\/\/www.marbella.gr\/fr\/wp-json\/wp\/v2\/pages\/3128\/revisions"}],"predecessor-version":[{"id":3141,"href":"https:\/\/www.marbella.gr\/fr\/wp-json\/wp\/v2\/pages\/3128\/revisions\/3141"}],"up":[{"embeddable":true,"href":"https:\/\/www.marbella.gr\/fr\/wp-json\/wp\/v2\/pages\/1036"}],"wp:featuredmedia":[{"embeddable":true,"href":"https:\/\/www.marbella.gr\/fr\/wp-json\/wp\/v2\/media\/3139"}],"wp:attachment":[{"href":"https:\/\/www.marbella.gr\/fr\/wp-json\/wp\/v2\/media?parent=3128"}],"curies":[{"name":"wp","href":"https:\/\/api.w.org\/{rel}","templated":true}]}}